{"id":18,"date":"2010-02-28T13:02:59","date_gmt":"2010-02-28T13:02:59","guid":{"rendered":"http:\/\/www.koblenz-kesselheim.de\/kirmes\/?page_id=18"},"modified":"2026-01-16T10:57:19","modified_gmt":"2026-01-16T09:57:19","slug":"home","status":"publish","type":"page","link":"https:\/\/www.koblenz-kesselheim.de\/kirmes\/","title":{"rendered":"Aktuelles"},"content":{"rendered":"<p style=\"text-align: center;\"><span style=\"font-size: medium;\"><strong>Herzlich Willkommen auf der Internet-Seite der<\/strong><\/span><\/p>\n<p style=\"text-align: center;\"><span style=\"font-size: medium; color: #0000ff;\"><strong>Kirmesgesellschaft 1922 St. Martin Kesselheim e.V.<\/strong><\/span><\/p>\n<p><a href=\"https:\/\/www.koblenz-kesselheim.de\/kirmes\/wp-content\/uploads\/2026\/01\/Lachende-KiGes.jpg\"><img loading=\"lazy\" decoding=\"async\" class=\"alignnone size-full wp-image-2524\" src=\"https:\/\/www.koblenz-kesselheim.de\/kirmes\/wp-content\/uploads\/2026\/01\/Lachende-KiGes.jpg\" alt=\"\" width=\"1131\" height=\"1600\" srcset=\"https:\/\/www.koblenz-kesselheim.de\/kirmes\/wp-content\/uploads\/2026\/01\/Lachende-KiGes.jpg 1131w, https:\/\/www.koblenz-kesselheim.de\/kirmes\/wp-content\/uploads\/2026\/01\/Lachende-KiGes-212x300.jpg 212w, https:\/\/www.koblenz-kesselheim.de\/kirmes\/wp-content\/uploads\/2026\/01\/Lachende-KiGes-724x1024.jpg 724w, https:\/\/www.koblenz-kesselheim.de\/kirmes\/wp-content\/uploads\/2026\/01\/Lachende-KiGes-768x1086.jpg 768w, https:\/\/www.koblenz-kesselheim.de\/kirmes\/wp-content\/uploads\/2026\/01\/Lachende-KiGes-1086x1536.jpg 1086w\" sizes=\"auto, (max-width: 1131px) 100vw, 1131px\" \/><\/a><\/p>\n<h2 style=\"text-align: center;\"><span style=\"color: #ff0000;\">Karten sind nur an der Abendkasse zu erwerben.<\/span><\/h2>\n<p style=\"text-align: center;\">*<\/p>\n<div id=\"attachment_2519\" style=\"width: 1109px\" class=\"wp-caption alignnone\"><a href=\"https:\/\/www.koblenz-kesselheim.de\/kirmes\/wp-content\/uploads\/2025\/07\/Programm-Kirmes2025.jpg\"><img loading=\"lazy\" decoding=\"async\" aria-describedby=\"caption-attachment-2519\" class=\"size-full wp-image-2519\" src=\"https:\/\/www.koblenz-kesselheim.de\/kirmes\/wp-content\/uploads\/2025\/07\/Programm-Kirmes2025.jpg\" alt=\"\" width=\"1099\" height=\"1567\" srcset=\"https:\/\/www.koblenz-kesselheim.de\/kirmes\/wp-content\/uploads\/2025\/07\/Programm-Kirmes2025.jpg 1099w, https:\/\/www.koblenz-kesselheim.de\/kirmes\/wp-content\/uploads\/2025\/07\/Programm-Kirmes2025-210x300.jpg 210w, https:\/\/www.koblenz-kesselheim.de\/kirmes\/wp-content\/uploads\/2025\/07\/Programm-Kirmes2025-718x1024.jpg 718w, https:\/\/www.koblenz-kesselheim.de\/kirmes\/wp-content\/uploads\/2025\/07\/Programm-Kirmes2025-768x1095.jpg 768w, https:\/\/www.koblenz-kesselheim.de\/kirmes\/wp-content\/uploads\/2025\/07\/Programm-Kirmes2025-1077x1536.jpg 1077w\" sizes=\"auto, (max-width: 1099px) 100vw, 1099px\" \/><\/a><p id=\"caption-attachment-2519\" class=\"wp-caption-text\">Screenshot<\/p><\/div>\n<p style=\"text-align: center;\">*<\/p>\n<p style=\"font-weight: 400; text-align: center;\"><strong>Mitgliederversammlung vom Mittwoch, 16.01.2025<\/strong><\/p>\n<p style=\"font-weight: 400; text-align: center;\"><strong>im Casino des B\u00fcrgervereins<\/strong><\/p>\n<p style=\"font-weight: 400; text-align: center;\"><strong>Wahlergebnisse der Vorstandswahlen:<\/strong><\/p>\n<p><a href=\"https:\/\/www.koblenz-kesselheim.de\/kirmes\/wp-content\/uploads\/2025\/02\/Vorstand-2025.jpg\"><img loading=\"lazy\" decoding=\"async\" class=\"alignnone size-full wp-image-2508\" src=\"https:\/\/www.koblenz-kesselheim.de\/kirmes\/wp-content\/uploads\/2025\/02\/Vorstand-2025.jpg\" alt=\"\" width=\"2540\" height=\"2222\" srcset=\"https:\/\/www.koblenz-kesselheim.de\/kirmes\/wp-content\/uploads\/2025\/02\/Vorstand-2025.jpg 2540w, https:\/\/www.koblenz-kesselheim.de\/kirmes\/wp-content\/uploads\/2025\/02\/Vorstand-2025-300x262.jpg 300w, https:\/\/www.koblenz-kesselheim.de\/kirmes\/wp-content\/uploads\/2025\/02\/Vorstand-2025-1024x896.jpg 1024w, https:\/\/www.koblenz-kesselheim.de\/kirmes\/wp-content\/uploads\/2025\/02\/Vorstand-2025-768x672.jpg 768w, https:\/\/www.koblenz-kesselheim.de\/kirmes\/wp-content\/uploads\/2025\/02\/Vorstand-2025-1536x1344.jpg 1536w, https:\/\/www.koblenz-kesselheim.de\/kirmes\/wp-content\/uploads\/2025\/02\/Vorstand-2025-2048x1792.jpg 2048w\" sizes=\"auto, (max-width: 2540px) 100vw, 2540px\" \/><\/a><br \/>\nvon links nach rechts:<br \/>\nLindsay Ediale, Christoph Mohr, Fabian Schuth, Pascal Meidt, Philipp Dennert, Marco Raffauf, Jasmin Hohl, Felix Perner, Gina Pauly, Lina Sch\u00fctz, Nino Pauly<\/p>\n<div dir=\"ltr\">\n<h3>Wahlleiter dieser Sitzung: Andreas M\u00fcnzel<\/h3>\n<h3>1. Vorsitzender &#8211; Felix Perner<br \/>\n2. Vorsitzender &#8211; Christoph Mohr<br \/>\n1. Kassiererin &#8211; Lindsay Ediale<br \/>\n2. Kassierer &#8211; Fabian Schuth<br \/>\n1. Schriftf\u00fchrerin &#8211; Jasmin Hohl<br \/>\n2. Schriftf\u00fchrerin &#8211; Gina Pauly<br \/>\n1. Beistzer\u00a0&#8211; Marco Raffauf<br \/>\n2. Beisitzer &#8211; Nino Pauly<br \/>\n3. Beisitzer &#8211; Philipp Dennert<br \/>\n4. Beisitzer -Lina Sch\u00fctz<\/h3>\n<h3>Kirmespr\u00e4sidentin\u00a0&#8211; Jasmin Hohl<\/h3>\n<p>F\u00e4hnrich &#8211; Pascal Meidt<br \/>\nSchie\u00dfmeister &#8211; Enrico Pauly<\/p>\n<h3>Kassenpr\u00fcfer &#8211; Andrea Peremans<br \/>\nKassenpr\u00fcferin &#8211; Julia Haas<\/h3>\n<h3>Die goldene Ehrennadel f\u00fcr eine mehr als 50-j\u00e4hrige Mitgliedschaft ging an<br \/>\nPeter D\u00f6tsch, Rolf M\u00fcnnich und Helmut G\u00fcls.<\/h3>\n<p style=\"text-align: center;\">***<\/p>\n<\/div>\n<h4><a href=\"https:\/\/www.koblenz-kesselheim.de\/kirmes\/wp-content\/uploads\/2024\/07\/Programm-Kirmes-2024.jpg\"><img loading=\"lazy\" decoding=\"async\" class=\"alignnone size-full wp-image-2502\" src=\"https:\/\/www.koblenz-kesselheim.de\/kirmes\/wp-content\/uploads\/2024\/07\/Programm-Kirmes-2024.jpg\" alt=\"\" width=\"1680\" height=\"2376\" srcset=\"https:\/\/www.koblenz-kesselheim.de\/kirmes\/wp-content\/uploads\/2024\/07\/Programm-Kirmes-2024.jpg 1680w, https:\/\/www.koblenz-kesselheim.de\/kirmes\/wp-content\/uploads\/2024\/07\/Programm-Kirmes-2024-212x300.jpg 212w, https:\/\/www.koblenz-kesselheim.de\/kirmes\/wp-content\/uploads\/2024\/07\/Programm-Kirmes-2024-724x1024.jpg 724w, https:\/\/www.koblenz-kesselheim.de\/kirmes\/wp-content\/uploads\/2024\/07\/Programm-Kirmes-2024-768x1086.jpg 768w, https:\/\/www.koblenz-kesselheim.de\/kirmes\/wp-content\/uploads\/2024\/07\/Programm-Kirmes-2024-1086x1536.jpg 1086w, https:\/\/www.koblenz-kesselheim.de\/kirmes\/wp-content\/uploads\/2024\/07\/Programm-Kirmes-2024-1448x2048.jpg 1448w\" sizes=\"auto, (max-width: 1680px) 100vw, 1680px\" \/><\/a><\/h4>\n<p>In diesem Jahr k\u00f6nnen sich die Kirmesbesucher \u00fcber unsere neue Bierauswahl und Getr\u00e4nkeauswahl freuen. Wir bieten ab diesem Jahr die Marke \u201eK\u00f6nigsbacher\u201c der Bitburgerbrauereigruppe an. <a href=\"https:\/\/www.bitburger.de\/\">https:\/\/www.bitburger.de\/<\/a>\u201c<\/p>\n<p><a href=\"https:\/\/www.koblenz-kesselheim.de\/kirmes\/wp-content\/uploads\/2024\/07\/KOEBA_Palme.jpg\"><img loading=\"lazy\" decoding=\"async\" class=\"alignnone size-full wp-image-2503\" src=\"https:\/\/www.koblenz-kesselheim.de\/kirmes\/wp-content\/uploads\/2024\/07\/KOEBA_Palme.jpg\" alt=\"\" width=\"840\" height=\"1184\" srcset=\"https:\/\/www.koblenz-kesselheim.de\/kirmes\/wp-content\/uploads\/2024\/07\/KOEBA_Palme.jpg 840w, https:\/\/www.koblenz-kesselheim.de\/kirmes\/wp-content\/uploads\/2024\/07\/KOEBA_Palme-213x300.jpg 213w, https:\/\/www.koblenz-kesselheim.de\/kirmes\/wp-content\/uploads\/2024\/07\/KOEBA_Palme-726x1024.jpg 726w, https:\/\/www.koblenz-kesselheim.de\/kirmes\/wp-content\/uploads\/2024\/07\/KOEBA_Palme-768x1083.jpg 768w\" sizes=\"auto, (max-width: 840px) 100vw, 840px\" \/><\/a><\/p>\n<p style=\"text-align: center;\">*<\/p>\n<p style=\"font-weight: 400; text-align: center;\"><strong>Mitgliederversammlung vom Mittwoch, 10.01.2024<\/strong><\/p>\n<p style=\"font-weight: 400; text-align: center;\"><strong>im Casino des B\u00fcrgervereins<\/strong><\/p>\n<p style=\"font-weight: 400; text-align: center;\"><strong>Wahlergebnisse der Vorstandswahlen:<\/strong><\/p>\n<p><a href=\"https:\/\/www.koblenz-kesselheim.de\/kirmes\/wp-content\/uploads\/2024\/03\/Vorstandsfoto-KiGes-2024.jpg\"><img loading=\"lazy\" decoding=\"async\" class=\"alignnone size-full wp-image-2478\" src=\"https:\/\/www.koblenz-kesselheim.de\/kirmes\/wp-content\/uploads\/2024\/03\/Vorstandsfoto-KiGes-2024.jpg\" alt=\"\" width=\"1024\" height=\"906\" srcset=\"https:\/\/www.koblenz-kesselheim.de\/kirmes\/wp-content\/uploads\/2024\/03\/Vorstandsfoto-KiGes-2024.jpg 1024w, https:\/\/www.koblenz-kesselheim.de\/kirmes\/wp-content\/uploads\/2024\/03\/Vorstandsfoto-KiGes-2024-300x265.jpg 300w, https:\/\/www.koblenz-kesselheim.de\/kirmes\/wp-content\/uploads\/2024\/03\/Vorstandsfoto-KiGes-2024-768x680.jpg 768w\" sizes=\"auto, (max-width: 1024px) 100vw, 1024px\" \/><\/a><\/p>\n<p style=\"font-weight: 400; text-align: left;\">v. l. n. r.: Lisa Wingen, Lina Sch\u00fctz, Fabian Schuth, Enrico Pauly, Thomas Pauly, Felix Perner, Nino Pauly, Lindsay Ediale, Marco Raffauf, Pascal Meidt, Gina Pauly, Christoph Mohr, Jasmin Hohl<\/p>\n<table style=\"font-weight: 400;\" width=\"640\">\n<tbody>\n<tr>\n<td width=\"173\">1. Vorsitzender<\/td>\n<td width=\"195\">Felix Perner<\/td>\n<\/tr>\n<tr>\n<td>Stellv. Vorsitzender<\/td>\n<td>Christoph Mohr<\/td>\n<\/tr>\n<tr>\n<td>1. Kassiererin<\/td>\n<td>Lindsay Ediale<\/td>\n<\/tr>\n<tr>\n<td>2. Kassierer<\/td>\n<td>Fabian Schuth<\/td>\n<\/tr>\n<tr>\n<td>1. Schriftf\u00fchrerin<\/td>\n<td>Jasmin Hohl<\/td>\n<\/tr>\n<tr>\n<td>2. Schriftf\u00fchrerin<\/td>\n<td>Gina Pauly<\/td>\n<\/tr>\n<tr>\n<td>1. Beisitzer<\/td>\n<td>Marco Raffauf<\/td>\n<\/tr>\n<tr>\n<td>2. Beisitzer<\/td>\n<td>Lina Sch\u00fctz<\/td>\n<\/tr>\n<tr>\n<td>3. Beisitzer<\/td>\n<td>Pascal Meidt<\/td>\n<\/tr>\n<tr>\n<td>4. Beisitzer<\/td>\n<td>Lisa Wingen<\/td>\n<\/tr>\n<tr>\n<td>F\u00e4hnrich<\/td>\n<td>Nino Pauly<\/td>\n<\/tr>\n<tr>\n<td>Pr\u00e4sident<\/td>\n<td>\u00a0Thomas Pauly<\/td>\n<\/tr>\n<tr>\n<td>Schiessmeister<br \/>\nSchiessmeisterin<\/td>\n<td>\u00a0Enrico Pauly<\/td>\n<\/tr>\n<tr>\n<td>Kassenpr\u00fcfer<\/td>\n<td>Andreas M\u00fcnzel<\/td>\n<\/tr>\n<tr>\n<td>Kassenpr\u00fcfer<\/td>\n<td>Andrea Peremans<\/td>\n<\/tr>\n<\/tbody>\n<\/table>\n<p style=\"font-weight: 400; text-align: center;\">Auf der Mitgliederversammlung am 10.01.2024 erfolgten<\/p>\n<p style=\"font-weight: 400; text-align: center;\">folgende Ehrungen von Mitgliedern:<\/p>\n<p style=\"font-weight: 400; text-align: center;\"><strong>Ehrung f\u00fcr 25j\u00e4hrige Mitgliedschaft:<\/strong><\/p>\n<p style=\"font-weight: 400; text-align: center;\"><strong>Silberne Ehrennadel<\/strong><\/p>\n<p style=\"font-weight: 400; text-align: center;\">Jasmin Alemanno (10.08.1998)<\/p>\n<p style=\"font-weight: 400; text-align: center;\">Patricia Lux (21.01.1998)<\/p>\n<p style=\"font-weight: 400; text-align: center;\">Marcus Wader (09.06.1998)<\/p>\n<p style=\"font-weight: 400; text-align: center;\">Thomas Mendyka (09.06.1998)<\/p>\n<p style=\"font-weight: 400; text-align: center;\">Silvia Weber (04.09.1998)<\/p>\n<p style=\"font-weight: 400; text-align: center;\"><strong>Ehrung f\u00fcr 50j\u00e4hrige Mitgliedschaft:<\/strong><\/p>\n<p style=\"font-weight: 400; text-align: center;\"><strong>Goldene Ehrennadel<\/strong><\/p>\n<p style=\"font-weight: 400; text-align: center;\">Hans-Wilhelm Thiel (01.01.1973)<\/p>\n<p style=\"font-weight: 400; text-align: center;\">Hermann-Josef Bretz (01.01.1973)<\/p>\n<p style=\"text-align: center;\">**<\/p>\n<p style=\"text-align: center;\">*<\/p>\n<p style=\"text-align: center;\"><a href=\"https:\/\/www.koblenz-kesselheim.de\/kirmes\/wp-content\/uploads\/2023\/08\/Programm-Kirmes-2023-scaled.jpg\"><img loading=\"lazy\" decoding=\"async\" class=\"alignnone wp-image-2469\" src=\"https:\/\/www.koblenz-kesselheim.de\/kirmes\/wp-content\/uploads\/2023\/08\/Programm-Kirmes-2023-scaled.jpg\" alt=\"\" width=\"576\" height=\"815\" srcset=\"https:\/\/www.koblenz-kesselheim.de\/kirmes\/wp-content\/uploads\/2023\/08\/Programm-Kirmes-2023-scaled.jpg 1810w, https:\/\/www.koblenz-kesselheim.de\/kirmes\/wp-content\/uploads\/2023\/08\/Programm-Kirmes-2023-212x300.jpg 212w, https:\/\/www.koblenz-kesselheim.de\/kirmes\/wp-content\/uploads\/2023\/08\/Programm-Kirmes-2023-724x1024.jpg 724w, https:\/\/www.koblenz-kesselheim.de\/kirmes\/wp-content\/uploads\/2023\/08\/Programm-Kirmes-2023-768x1086.jpg 768w, https:\/\/www.koblenz-kesselheim.de\/kirmes\/wp-content\/uploads\/2023\/08\/Programm-Kirmes-2023-1086x1536.jpg 1086w, https:\/\/www.koblenz-kesselheim.de\/kirmes\/wp-content\/uploads\/2023\/08\/Programm-Kirmes-2023-1448x2048.jpg 1448w\" sizes=\"auto, (max-width: 576px) 100vw, 576px\" \/><\/a><\/p>\n<p style=\"text-align: center;\">**<\/p>\n<p style=\"text-align: center;\"><strong>Mitgliederversammlung vom Sonntag, 29.01.2023<\/strong><\/p>\n<p style=\"text-align: center;\"><strong>im Casino des B\u00fcrgervereins<\/strong><\/p>\n<p style=\"text-align: center;\"><strong>Wahlergebnisse der Vorstandswahlen:<\/strong><\/p>\n<table class=\" aligncenter\" border=\"0\" width=\"368\" cellspacing=\"0\" cellpadding=\"0\">\n<colgroup>\n<col width=\"173\" \/>\n<col width=\"195\" \/><\/colgroup>\n<tbody>\n<tr>\n<td class=\"xl65\" width=\"173\" height=\"21\">1. Vorsitzender<\/td>\n<td class=\"xl65\" width=\"195\">Felix Perner<\/td>\n<\/tr>\n<tr>\n<td class=\"xl65\" height=\"21\">Stellv. Vorsitzender<\/td>\n<td class=\"xl65\">Christoph Mohr<\/td>\n<\/tr>\n<tr>\n<td class=\"xl65\" height=\"21\">1. Kassiererin<\/td>\n<td class=\"xl65\">Lindsay Ediale<\/td>\n<\/tr>\n<tr>\n<td class=\"xl65\" height=\"21\">2. Kassierer<\/td>\n<td class=\"xl65\">Fabian Schuth<\/td>\n<\/tr>\n<tr>\n<td class=\"xl65\" height=\"21\">1. Schriftf\u00fchrerin<\/td>\n<td class=\"xl65\">Jasmin Hohl<\/td>\n<\/tr>\n<tr>\n<td class=\"xl65\" height=\"21\">2. Schriftf\u00fchrerin<\/td>\n<td class=\"xl65\">Gina Pauly<\/td>\n<\/tr>\n<tr>\n<td class=\"xl65\" height=\"21\">1. Beisitzer<\/td>\n<td class=\"xl65\">Lina Sch\u00fctz<\/td>\n<\/tr>\n<tr>\n<td class=\"xl65\" height=\"21\">2. Beisitzer<\/td>\n<td class=\"xl65\">Philipp Dennert<\/td>\n<\/tr>\n<tr>\n<td class=\"xl65\" height=\"21\">3. Beisitzer<\/td>\n<td class=\"xl65\">Pascal Klein<\/td>\n<\/tr>\n<tr>\n<td class=\"xl65\" height=\"21\">4. Beisitzer<\/td>\n<td class=\"xl65\">Marco Raffauf<\/td>\n<\/tr>\n<tr>\n<td class=\"xl65\" height=\"21\">F\u00e4hnrich<\/td>\n<td class=\"xl65\">Nino Pauly<\/td>\n<\/tr>\n<tr>\n<td class=\"xl65\" height=\"21\">Pr\u00e4sident<\/td>\n<td class=\"xl65\"><\/td>\n<\/tr>\n<tr>\n<td class=\"xl65\" height=\"21\">Schiessmeister<br \/>\nSchiessmeisterin<\/td>\n<td class=\"xl65\"><\/td>\n<\/tr>\n<tr>\n<td class=\"xl65\" height=\"21\">Kassenpr\u00fcfer<\/td>\n<td class=\"xl65\">Andreas M\u00fcnzel<\/td>\n<\/tr>\n<tr>\n<td class=\"xl65\" height=\"21\">Kassenpr\u00fcfer<\/td>\n<td class=\"xl65\" style=\"text-align: left;\">Andr\u00e9 Schuth<\/td>\n<\/tr>\n<\/tbody>\n<\/table>\n<p style=\"text-align: center;\">Auf der Mitgliederversammlung am 29.01.2023 erfolgten<\/p>\n<div style=\"text-align: center;\">\n<p>folgende Ehrungen von Mitgliedern:<\/p>\n<\/div>\n<p style=\"text-align: center;\"><strong>Ehrung f\u00fcr 25j\u00e4hrige Mitgliedschaft:<\/strong><\/p>\n<div style=\"text-align: center;\">\n<p><strong>Silberne Ehrennadel<\/strong><\/p>\n<h5 id=\"AppleMailSignature\">Thomas G\u00f6dert (11.01.1997)<\/h5>\n<h5>Frank Apostel (04.09.1997)<\/h5>\n<h5>Karin Apostel (04.09.1997)<\/h5>\n<h5>Linda Apostel (04.09.1997)<\/h5>\n<h5>J\u00f6rg Billig (06.09.1997)<\/h5>\n<h5>Anny Egeri (24.09.1997)<\/h5>\n<h5>Kari Sch\u00fctz (03.10.1997)<\/h5>\n<h5>Peter Gerolstein (05.10.1997)<\/h5>\n<p style=\"text-align: center;\"><strong>Ehrung f\u00fcr 50j\u00e4hrige Mitgliedschaft:<\/strong><\/p>\n<div>\n<p style=\"text-align: center;\"><strong>Goldene Ehrennadel<\/strong><\/p>\n<\/div>\n<h5>Werner Kreuter (01.01.1972)<\/h5>\n<h5>Marion Hebel (01.01.1972)<\/h5>\n<p>&nbsp;<\/p>\n<\/div>\n<p style=\"text-align: center;\">*<\/p>\n<h2 style=\"text-align: center;\"><strong><span style=\"color: #ff0000;\">Jubil\u00e4umskirmes 2022\u00a0<\/span><\/strong><\/h2>\n<h2 style=\"text-align: center;\"><strong><span style=\"color: #ff0000;\">100 Jahre Kirmesgesellschaft Kesselheim e. V.<\/span><\/strong><\/h2>\n<h2 style=\"text-align: center;\"><strong><span style=\"color: #ff0000;\">vom 02. Sept. bis 05. Sept. 2022<\/span><\/strong><\/h2>\n<p>&nbsp;<\/p>\n<p><a href=\"https:\/\/www.koblenz-kesselheim.de\/kirmes\/wp-content\/uploads\/2022\/08\/Plakat-2022.jpg\"><img loading=\"lazy\" decoding=\"async\" class=\"size-full wp-image-2371 aligncenter\" src=\"https:\/\/www.koblenz-kesselheim.de\/kirmes\/wp-content\/uploads\/2022\/08\/Plakat-2022.jpg\" alt=\"\" width=\"1748\" height=\"2480\" srcset=\"https:\/\/www.koblenz-kesselheim.de\/kirmes\/wp-content\/uploads\/2022\/08\/Plakat-2022.jpg 1748w, https:\/\/www.koblenz-kesselheim.de\/kirmes\/wp-content\/uploads\/2022\/08\/Plakat-2022-211x300.jpg 211w, https:\/\/www.koblenz-kesselheim.de\/kirmes\/wp-content\/uploads\/2022\/08\/Plakat-2022-722x1024.jpg 722w, https:\/\/www.koblenz-kesselheim.de\/kirmes\/wp-content\/uploads\/2022\/08\/Plakat-2022-768x1090.jpg 768w, https:\/\/www.koblenz-kesselheim.de\/kirmes\/wp-content\/uploads\/2022\/08\/Plakat-2022-1083x1536.jpg 1083w, https:\/\/www.koblenz-kesselheim.de\/kirmes\/wp-content\/uploads\/2022\/08\/Plakat-2022-1444x2048.jpg 1444w\" sizes=\"auto, (max-width: 1748px) 100vw, 1748px\" \/><\/a><\/p>\n<p style=\"text-align: center;\">**<\/p>\n<div id=\"attachment_2340\" style=\"width: 504px\" class=\"wp-caption aligncenter\"><a href=\"https:\/\/www.koblenz-kesselheim.de\/kirmes\/wp-content\/uploads\/2022\/01\/Ehrungen2022.jpg\"><img loading=\"lazy\" decoding=\"async\" aria-describedby=\"caption-attachment-2340\" class=\"wp-image-2340\" src=\"https:\/\/www.koblenz-kesselheim.de\/kirmes\/wp-content\/uploads\/2022\/01\/Ehrungen2022.jpg\" alt=\"\" width=\"494\" height=\"370\" srcset=\"https:\/\/www.koblenz-kesselheim.de\/kirmes\/wp-content\/uploads\/2022\/01\/Ehrungen2022.jpg 2048w, https:\/\/www.koblenz-kesselheim.de\/kirmes\/wp-content\/uploads\/2022\/01\/Ehrungen2022-300x225.jpg 300w, https:\/\/www.koblenz-kesselheim.de\/kirmes\/wp-content\/uploads\/2022\/01\/Ehrungen2022-1024x768.jpg 1024w, https:\/\/www.koblenz-kesselheim.de\/kirmes\/wp-content\/uploads\/2022\/01\/Ehrungen2022-768x576.jpg 768w, https:\/\/www.koblenz-kesselheim.de\/kirmes\/wp-content\/uploads\/2022\/01\/Ehrungen2022-1536x1152.jpg 1536w\" sizes=\"auto, (max-width: 494px) 100vw, 494px\" \/><\/a><p id=\"caption-attachment-2340\" class=\"wp-caption-text\">Ehrungen 2022<\/p><\/div>\n<p style=\"text-align: center;\">*<\/p>\n<p style=\"text-align: center;\">Auf der Mitgliederversammlung am 07.01.2022 erfolgten<\/p>\n<div style=\"text-align: center;\">\n<p>folgende Ehrungen von Mitgliedern:<\/p>\n<\/div>\n<p style=\"text-align: center;\"><strong>Ehrung f\u00fcr 25j\u00e4hrige Mitgliedschaft:<\/strong><\/p>\n<div style=\"text-align: center;\">\n<p><strong>Silberne Ehrennadel<\/strong><\/p>\n<div id=\"AppleMailSignature\">Andreas M\u00fcnzel (25.01.96)<\/div>\n<div>Gisbert Lux (03.06.96)<\/div>\n<div>Albert Reif (24.09.96)<\/div>\n<div>Ralph Weiland (31.10.96)<\/div>\n<div>Michael Stolz (31.12.96)<\/div>\n<\/div>\n<p style=\"text-align: center;\"><strong><br \/>\nEhrung f\u00fcr 50j\u00e4hrige Mitgliedschaft:<\/strong><\/p>\n<div>\n<p style=\"text-align: center;\"><strong>Goldene Ehrennadel<\/strong><\/p>\n<div id=\"AppleMailSignature\" style=\"text-align: center;\">\n<div>Rudi Hebel (01.01.70)<\/div>\n<div>Berthold Gille (01.01.70)<\/div>\n<div>Birgit Gille (01.01.70)<\/div>\n<div>Dirk M\u00fcnnich (01.01.70)<\/div>\n<div>Klaus Scherer (01.01.70)<\/div>\n<div>Alfred H\u00fcrter (01.01.71)<\/div>\n<div>Friedhelm Mehlbreuer (01.01.71)<\/div>\n<div>Bernd M\u00fcnnich (01.01.71)<\/div>\n<div>\n<p>*<\/p>\n<\/div>\n<\/div>\n<\/div>\n<div><\/div>\n<p style=\"text-align: center;\">*<span style=\"color: #0000ff; font-size: 18pt;\">Jahreshauptversammlung\u00a0<\/span><\/p>\n<h3 style=\"text-align: center;\"><span style=\"color: #0000ff; font-size: 18pt;\">am 07. Januar 2022<\/span><\/h3>\n<h3 style=\"text-align: center;\"><span style=\"color: #0000ff; font-size: 18pt;\">um 19:00 Uhr<\/span><\/h3>\n<h3 style=\"text-align: center;\"><span style=\"color: #0000ff; font-size: 18pt;\">Einlass mit 2G+ oder geboostert<\/span><\/h3>\n<p style=\"text-align: center;\">*<\/p>\n<h2 style=\"text-align: center;\"><span style=\"color: #ff6600;\">Kirmes in Kesselheim 2021<\/span><\/h2>\n<h2 style=\"text-align: center;\"><span style=\"color: #ff6600;\">Programm &#8222;Corona&#8220; Kirmes<\/span><\/h2>\n<h3 style=\"text-align: center;\"><strong>Kirmessamstag, 04.09.2021<\/strong><\/h3>\n<p style=\"text-align: center;\"><strong>14:00 Uhr <\/strong><\/p>\n<p style=\"text-align: center;\">Aufstellung des Kirmesbaumes<br \/>\nan der Kirche von Hand durch die<br \/>\nSchiessleute<\/p>\n<p style=\"text-align: center;\"><strong>18:00 Uhr<\/strong><\/p>\n<p style=\"text-align: center;\">Festumzug mit dem Musikverein Kobern<br \/>\nund dem Vorstand der Kirmesgesellschaft<\/p>\n<h3 style=\"text-align: center;\"><strong>Kirmessonntag, 05.09.2021<\/strong><\/h3>\n<p style=\"text-align: center;\"><strong>09:45 Uhr<\/strong><\/p>\n<p style=\"text-align: center;\">Gottesdienst mit anschlie\u00dfender<br \/>\nKranzniederlegung am Ehrenmal<br \/>\nmit der Freiwilligen Feuerwehr<br \/>\nund Ansprache des Ortsvorstehers<br \/>\nHerbert Dott<\/p>\n<p>&nbsp;<\/p>\n<p style=\"text-align: center;\">Es freut sich auf Ihr Kommen:<br \/>\n<strong>Kirmesgesellschaft Kesselheim 1922 e. V.<\/strong><br \/>\n<strong>Der Vorstand<\/strong><\/p>\n<h2 style=\"text-align: center;\"><span style=\"color: #ff0000;\">Kirmes in Kesselheim 2020<\/span><\/h2>\n<h2 style=\"text-align: center;\"><span style=\"color: #ff0000;\">Programm &#8222;Corona&#8220; Kirmes<\/span><\/h2>\n<h3 style=\"text-align: center;\"><strong>Samstag, 05.09.2020<\/strong><\/h3>\n<p style=\"text-align: center;\"><strong>14:00 Uhr <\/strong><\/p>\n<p style=\"text-align: center;\">Aufstellung des Kirmesbaumes<br \/>\nan der Kirche von Hand durch die<br \/>\nSchiessleute<\/p>\n<p style=\"text-align: center;\"><strong>18:00 Uhr<\/strong><\/p>\n<p style=\"text-align: center;\">Festumzug mit dem Musikverein Kobern<br \/>\nund dem Vorstand der Kirmesgesellschaft<\/p>\n<h3 style=\"text-align: center;\"><strong>Sonntag, 06.09.2020<\/strong><\/h3>\n<p style=\"text-align: center;\"><strong>09:45 Uhr<\/strong><\/p>\n<p style=\"text-align: center;\">Gottesdienst mit anschlie\u00dfender<br \/>\nKranzniederlegung am Ehrenmal<br \/>\nmit der Freiwilligen Feuerwehr<br \/>\nund Ansprache des Ortsvorstehers<br \/>\nHerbert Dott<\/p>\n<p>&nbsp;<\/p>\n<p style=\"text-align: center;\">Es freut sich auf Ihr Kommen:<br \/>\n<strong>Kirmesgesellschaft Kesselheim 1922 e. V.<\/strong><br \/>\n<strong>Der Vorstand<\/strong><\/p>\n<p style=\"text-align: center;\">*<\/p>\n<p style=\"text-align: center;\">*<\/p>\n<p>&nbsp;<\/p>\n<p style=\"text-align: center;\"><strong>Mitgliederversammlung vom Sonntag, den 19.01.2020<\/strong><\/p>\n<p style=\"text-align: center;\"><strong>im Casino des B\u00fcrgervereins<\/strong><\/p>\n<p style=\"text-align: center;\"><strong>Wahlergebnisse der Vorstandswahlen:<\/strong><\/p>\n<table class=\" aligncenter\" border=\"0\" width=\"368\" cellspacing=\"0\" cellpadding=\"0\">\n<colgroup>\n<col width=\"173\" \/>\n<col width=\"195\" \/><\/colgroup>\n<tbody>\n<tr>\n<td class=\"xl65\" width=\"173\" height=\"21\">1. Vorsitzender<\/td>\n<td class=\"xl65\" width=\"195\">Andreas M\u00fcnzel<\/td>\n<\/tr>\n<tr>\n<td class=\"xl65\" height=\"21\">Stellv. Vorsitzender<\/td>\n<td class=\"xl65\">Christoph Mohr<\/td>\n<\/tr>\n<tr>\n<td class=\"xl65\" height=\"21\">1. Kassierer<\/td>\n<td class=\"xl65\">Marc Andr\u00e9 Schuth<\/td>\n<\/tr>\n<tr>\n<td class=\"xl65\" height=\"21\">2. Kassierer<\/td>\n<td class=\"xl65\">Marco Raffauf<\/td>\n<\/tr>\n<tr>\n<td class=\"xl65\" height=\"21\">1. Schriftf\u00fchrer<\/td>\n<td class=\"xl65\">Andrea M\u00fcnzel<\/td>\n<\/tr>\n<tr>\n<td class=\"xl65\" height=\"21\">2. Schriftf\u00fchrer<\/td>\n<td class=\"xl65\">Sabrina Perschke<\/td>\n<\/tr>\n<tr>\n<td class=\"xl65\" height=\"21\">1. Beisitzer<\/td>\n<td class=\"xl65\">Lina Sch\u00fctz<\/td>\n<\/tr>\n<tr>\n<td class=\"xl65\" height=\"21\">2. Beisitzer<\/td>\n<td class=\"xl65\">Felix Perner<\/td>\n<\/tr>\n<tr>\n<td class=\"xl65\" height=\"21\">3. Beisitzer<\/td>\n<td class=\"xl65\">Ren\u00e9 Mohr<\/td>\n<\/tr>\n<tr>\n<td class=\"xl65\" height=\"21\">4. Beisitzer<\/td>\n<td class=\"xl65\">Jasmin Hohl<\/td>\n<\/tr>\n<tr>\n<td class=\"xl65\" height=\"21\">F\u00e4hnrich<\/td>\n<td class=\"xl65\">Uluhan G\u00f6rm\u00fcs<\/td>\n<\/tr>\n<tr>\n<td class=\"xl65\" height=\"21\">Pr\u00e4sidentin<\/td>\n<td class=\"xl65\">Lina Sch\u00fctz<\/td>\n<\/tr>\n<tr>\n<td class=\"xl65\" height=\"21\">Schiessmeister<\/td>\n<td class=\"xl65\">Marvin Mohr<\/td>\n<\/tr>\n<tr>\n<td class=\"xl65\" height=\"21\">Kassenpr\u00fcfer<\/td>\n<td class=\"xl65\">Wolfgang Schmengler<\/td>\n<\/tr>\n<tr>\n<td class=\"xl65\" height=\"21\">Kassenpr\u00fcfer<\/td>\n<td class=\"xl65\" style=\"text-align: left;\">Lindsay Ediale<\/td>\n<\/tr>\n<\/tbody>\n<\/table>\n<p style=\"text-align: center;\">*<\/p>\n<div id=\"attachment_2291\" style=\"width: 512px\" class=\"wp-caption aligncenter\"><a href=\"https:\/\/www.koblenz-kesselheim.de\/kirmes\/wp-content\/uploads\/2020\/01\/IMG_9025.jpg\"><img loading=\"lazy\" decoding=\"async\" aria-describedby=\"caption-attachment-2291\" class=\"wp-image-2291\" src=\"https:\/\/www.koblenz-kesselheim.de\/kirmes\/wp-content\/uploads\/2020\/01\/IMG_9025.jpg\" alt=\"\" width=\"502\" height=\"377\" srcset=\"https:\/\/www.koblenz-kesselheim.de\/kirmes\/wp-content\/uploads\/2020\/01\/IMG_9025.jpg 1600w, https:\/\/www.koblenz-kesselheim.de\/kirmes\/wp-content\/uploads\/2020\/01\/IMG_9025-300x225.jpg 300w, https:\/\/www.koblenz-kesselheim.de\/kirmes\/wp-content\/uploads\/2020\/01\/IMG_9025-1024x768.jpg 1024w, https:\/\/www.koblenz-kesselheim.de\/kirmes\/wp-content\/uploads\/2020\/01\/IMG_9025-768x576.jpg 768w, https:\/\/www.koblenz-kesselheim.de\/kirmes\/wp-content\/uploads\/2020\/01\/IMG_9025-1536x1152.jpg 1536w\" sizes=\"auto, (max-width: 502px) 100vw, 502px\" \/><\/a><p id=\"caption-attachment-2291\" class=\"wp-caption-text\">Ehrung von Norbert Berres (Mitte) f\u00fcr 50 Jahre Mitgliedschaft durch den 2. Vorsitzenden Christoph Mohr und 1. Vorsitzenden Andreas M\u00fcnzel<\/p><\/div>\n<p style=\"text-align: center;\">*<\/p>\n<p style=\"text-align: center;\">Auf der Mitgliederversammlung am 19.01.2020 erfolgten<\/p>\n<div style=\"text-align: center;\">\n<p>folgende Ehrungen von Mitgliedern:<\/p>\n<\/div>\n<p style=\"text-align: center;\"><strong>Ehrung f\u00fcr 25j\u00e4hrige Mitgliedschaft:<\/strong><\/p>\n<div style=\"text-align: center;\">\n<p><strong>Silberne Ehrennadel<\/strong><\/p>\n<div id=\"AppleMailSignature\">Doris Lux<\/div>\n<div>Heiko Knopf<\/div>\n<div>Thomas Ernerth<\/div>\n<\/div>\n<p style=\"text-align: center;\"><strong><br \/>\nEhrung f\u00fcr 50j\u00e4hrige Mitgliedschaft:<\/strong><\/p>\n<div>\n<p style=\"text-align: center;\"><strong>Goldene Ehrennadel<\/strong><\/p>\n<div id=\"AppleMailSignature\" style=\"text-align: center;\">Kurt Mendyka<\/div>\n<div style=\"text-align: center;\">Norbert Berres<\/div>\n<\/div>\n<p style=\"text-align: center;\">*<\/p>\n<p><a href=\"https:\/\/www.koblenz-kesselheim.de\/kirmes\/wp-content\/uploads\/2019\/07\/Plakat-2019.jpg\"><br \/>\n<img loading=\"lazy\" decoding=\"async\" class=\"wp-image-2266 aligncenter\" src=\"https:\/\/www.koblenz-kesselheim.de\/kirmes\/wp-content\/uploads\/2019\/07\/Plakat-2019.jpg\" alt=\"\" width=\"592\" height=\"841\" srcset=\"https:\/\/www.koblenz-kesselheim.de\/kirmes\/wp-content\/uploads\/2019\/07\/Plakat-2019.jpg 1479w, https:\/\/www.koblenz-kesselheim.de\/kirmes\/wp-content\/uploads\/2019\/07\/Plakat-2019-211x300.jpg 211w, https:\/\/www.koblenz-kesselheim.de\/kirmes\/wp-content\/uploads\/2019\/07\/Plakat-2019-768x1090.jpg 768w, https:\/\/www.koblenz-kesselheim.de\/kirmes\/wp-content\/uploads\/2019\/07\/Plakat-2019-722x1024.jpg 722w\" sizes=\"auto, (max-width: 592px) 100vw, 592px\" \/><\/a><\/p>\n<p style=\"text-align: center;\">*<\/p>\n<p style=\"text-align: center;\"><strong>Mitgliederversammlung vom Freitag, den 25.01.2019<\/strong><\/p>\n<p style=\"text-align: center;\"><strong>im Casino des B\u00fcrgervereins<\/strong><\/p>\n<p style=\"text-align: center;\"><strong>Wahlergebnisse der Vorstandswahlen:<\/strong><\/p>\n<table style=\"width: 46.11727855477856%; height: 288px;\" border=\"0\" cellspacing=\"0\" cellpadding=\"0\" align=\"center\">\n<colgroup>\n<col width=\"193\" \/>\n<col width=\"230\" \/><\/colgroup>\n<tbody>\n<tr style=\"height: 24px;\">\n<td style=\"height: 24px;\" width=\"193\" height=\"16\">1. Vorsitzender<\/td>\n<td style=\"height: 24px;\" width=\"230\">Andreas M\u00fcnzel<\/td>\n<\/tr>\n<tr style=\"height: 24px;\">\n<td style=\"height: 24px;\" height=\"16\">Stellv. Vorsitzender<\/td>\n<td style=\"height: 24px;\">Christoph Mohr<\/td>\n<\/tr>\n<tr style=\"height: 24px;\">\n<td style=\"height: 24px;\" height=\"16\">1. Kassierer<\/td>\n<td style=\"height: 24px;\">Marc Andr\u00e9 Schuth<\/td>\n<\/tr>\n<tr style=\"height: 24px;\">\n<td style=\"height: 24px;\" height=\"16\">2. Kassierer<\/td>\n<td style=\"height: 24px;\">Marco Raffauf<\/td>\n<\/tr>\n<tr style=\"height: 24px;\">\n<td style=\"height: 24px;\" height=\"16\">1. Schriftf\u00fchrer<\/td>\n<td style=\"height: 24px;\">Andrea M\u00fcnzel<\/td>\n<\/tr>\n<tr style=\"height: 24px;\">\n<td style=\"height: 24px;\" height=\"16\">2. Schriftf\u00fchrer<\/td>\n<td style=\"height: 24px;\">Sabrina Perschke<\/td>\n<\/tr>\n<tr style=\"height: 24px;\">\n<td style=\"height: 24px;\" height=\"16\">Beisitzer<\/td>\n<td style=\"height: 24px;\">Lina Sch\u00fctz<\/td>\n<\/tr>\n<tr style=\"height: 24px;\">\n<td style=\"height: 24px;\" height=\"16\">Beisitzer<\/td>\n<td style=\"height: 24px;\">Ren\u00e9 Mohr<\/td>\n<\/tr>\n<tr style=\"height: 24px;\">\n<td style=\"height: 24px;\" height=\"16\">Beisitzer<\/td>\n<td style=\"height: 24px;\">Pascal Klein<\/td>\n<\/tr>\n<tr style=\"height: 24px;\">\n<td style=\"height: 24px;\" height=\"16\">F\u00e4hnrich<\/td>\n<td style=\"height: 24px;\">Felix Perner<\/td>\n<\/tr>\n<tr style=\"height: 24px;\">\n<td style=\"height: 24px;\" height=\"16\">Kassenpr\u00fcfer<\/td>\n<td style=\"height: 24px;\">Wilfried Billig<\/td>\n<\/tr>\n<tr style=\"height: 24px;\">\n<td style=\"height: 24px;\" height=\"16\">Kassenpr\u00fcfer<\/td>\n<td style=\"height: 24px;\">Petra Sch\u00fctz<\/td>\n<\/tr>\n<\/tbody>\n<\/table>\n<p style=\"text-align: center;\">*<\/p>\n<p><a href=\"https:\/\/www.koblenz-kesselheim.de\/kirmes\/wp-content\/uploads\/2019\/02\/JHVEhrung2019.jpg\"><img loading=\"lazy\" decoding=\"async\" class=\"wp-image-2236 aligncenter\" src=\"https:\/\/www.koblenz-kesselheim.de\/kirmes\/wp-content\/uploads\/2019\/02\/JHVEhrung2019.jpg\" alt=\"\" width=\"484\" height=\"363\" srcset=\"https:\/\/www.koblenz-kesselheim.de\/kirmes\/wp-content\/uploads\/2019\/02\/JHVEhrung2019.jpg 1600w, https:\/\/www.koblenz-kesselheim.de\/kirmes\/wp-content\/uploads\/2019\/02\/JHVEhrung2019-300x225.jpg 300w, https:\/\/www.koblenz-kesselheim.de\/kirmes\/wp-content\/uploads\/2019\/02\/JHVEhrung2019-768x576.jpg 768w, https:\/\/www.koblenz-kesselheim.de\/kirmes\/wp-content\/uploads\/2019\/02\/JHVEhrung2019-1024x768.jpg 1024w\" sizes=\"auto, (max-width: 484px) 100vw, 484px\" \/><\/a><\/p>\n<p style=\"text-align: center;\">Auf der Mitgliederversammlung am 25.01.2019 erfolgten<\/p>\n<div style=\"text-align: center;\">\n<p>folgende Ehrungen von Mitgliedern:<\/p>\n<\/div>\n<p style=\"text-align: center;\"><strong>Ehrung f\u00fcr 25j\u00e4hrige Mitgliedschaft:<\/strong><\/p>\n<div style=\"text-align: center;\">\n<p><strong>Silberne Ehrennadel<\/strong><\/p>\n<div id=\"AppleMailSignature\">Petra Reif<\/div>\n<div>Detlef Weber<\/div>\n<\/div>\n<p style=\"text-align: center;\"><strong><br \/>\nEhrung f\u00fcr 50j\u00e4hrige Mitgliedschaft:<\/strong><\/p>\n<div>\n<p style=\"text-align: center;\"><strong>Goldene Ehrennadel<\/strong><\/p>\n<div id=\"AppleMailSignature\" style=\"text-align: center;\">Dieter Mohr<\/div>\n<\/div>\n<p style=\"text-align: center;\">*<\/p>\n<p style=\"text-align: center;\"><a href=\"http:\/\/www.koblenz-kesselheim.de\/kirmes\/wp-content\/uploads\/2018\/09\/Plakat_2018.jpg\"><img loading=\"lazy\" decoding=\"async\" class=\"wp-image-2163 aligncenter\" src=\"http:\/\/www.koblenz-kesselheim.de\/kirmes\/wp-content\/uploads\/2018\/09\/Plakat_2018.jpg\" alt=\"\" width=\"600\" height=\"852\" srcset=\"https:\/\/www.koblenz-kesselheim.de\/kirmes\/wp-content\/uploads\/2018\/09\/Plakat_2018.jpg 1479w, https:\/\/www.koblenz-kesselheim.de\/kirmes\/wp-content\/uploads\/2018\/09\/Plakat_2018-211x300.jpg 211w, https:\/\/www.koblenz-kesselheim.de\/kirmes\/wp-content\/uploads\/2018\/09\/Plakat_2018-768x1090.jpg 768w, https:\/\/www.koblenz-kesselheim.de\/kirmes\/wp-content\/uploads\/2018\/09\/Plakat_2018-722x1024.jpg 722w\" sizes=\"auto, (max-width: 600px) 100vw, 600px\" \/><\/a><a href=\"http:\/\/www.koblenz-kesselheim.de\/kirmes\/wp-content\/uploads\/2010\/02\/Plakat2015_1.jpg\"><br \/>\n<\/a>\u00a0*<\/p>\n<p style=\"text-align: center;\">*<\/p>\n<p><a href=\"http:\/\/www.koblenz-kesselheim.de\/kirmes\/wp-content\/uploads\/2018\/10\/IMG_2593.jpg\"><img loading=\"lazy\" decoding=\"async\" class=\"wp-image-2217 aligncenter\" src=\"http:\/\/www.koblenz-kesselheim.de\/kirmes\/wp-content\/uploads\/2018\/10\/IMG_2593.jpg\" alt=\"\" width=\"602\" height=\"401\" srcset=\"https:\/\/www.koblenz-kesselheim.de\/kirmes\/wp-content\/uploads\/2018\/10\/IMG_2593.jpg 3888w, https:\/\/www.koblenz-kesselheim.de\/kirmes\/wp-content\/uploads\/2018\/10\/IMG_2593-300x200.jpg 300w, https:\/\/www.koblenz-kesselheim.de\/kirmes\/wp-content\/uploads\/2018\/10\/IMG_2593-768x512.jpg 768w, https:\/\/www.koblenz-kesselheim.de\/kirmes\/wp-content\/uploads\/2018\/10\/IMG_2593-1024x683.jpg 1024w\" sizes=\"auto, (max-width: 602px) 100vw, 602px\" \/><\/a><\/p>\n<p style=\"text-align: center;\">Technikpreis f\u00fcr Kirmesgesellschaft Kesselheim e. V. von der AKK<\/p>\n<p style=\"text-align: center;\">f\u00fcr die beste Technik beim Rosenmontagszug 2018<\/p>\n<p style=\"text-align: center;\">*<\/p>\n<p style=\"text-align: left;\"><a href=\"http:\/\/www.koblenz-kesselheim.de\/kirmes\/wp-content\/uploads\/2018\/10\/IMG_2558.jpg\"><img loading=\"lazy\" decoding=\"async\" class=\"wp-image-2215 aligncenter\" src=\"http:\/\/www.koblenz-kesselheim.de\/kirmes\/wp-content\/uploads\/2018\/10\/IMG_2558.jpg\" alt=\"\" width=\"598\" height=\"398\" srcset=\"https:\/\/www.koblenz-kesselheim.de\/kirmes\/wp-content\/uploads\/2018\/10\/IMG_2558.jpg 3888w, https:\/\/www.koblenz-kesselheim.de\/kirmes\/wp-content\/uploads\/2018\/10\/IMG_2558-300x200.jpg 300w, https:\/\/www.koblenz-kesselheim.de\/kirmes\/wp-content\/uploads\/2018\/10\/IMG_2558-768x512.jpg 768w, https:\/\/www.koblenz-kesselheim.de\/kirmes\/wp-content\/uploads\/2018\/10\/IMG_2558-1024x683.jpg 1024w\" sizes=\"auto, (max-width: 598px) 100vw, 598px\" \/><\/a><\/p>\n<p style=\"text-align: center;\">Motto der KG: &#8222;Die Steuerhex nix investiert, in Kesselheim wird nur abkassiert&#8220;<\/p>\n<p style=\"text-align: center;\">Jubil\u00e4umsumzug vom 10.02.2018 in Kesselheim<\/p>\n<p style=\"text-align: center;\">*<\/p>\n<p style=\"text-align: center;\">*<\/p>\n<p style=\"text-align: center;\"><strong>Mitgliederversammlung vom Freitag, den 19.01.2018<\/strong><\/p>\n<p style=\"text-align: center;\"><strong>im Gasthaus Rheintal (Bud)<\/strong><\/p>\n<p style=\"text-align: center;\"><strong>Wahlergebnisse der Vorstandswahlen:<\/strong><\/p>\n<table border=\"0\" cellspacing=\"0\" cellpadding=\"0\" align=\"center\">\n<colgroup>\n<col width=\"193\" \/>\n<col width=\"230\" \/><\/colgroup>\n<tbody>\n<tr>\n<td width=\"193\" height=\"16\">1. Vorsitzender<\/td>\n<td width=\"230\">Andreas M\u00fcnzel<\/td>\n<\/tr>\n<tr>\n<td height=\"16\">Stellv. Vorsitzender<\/td>\n<td>Christoph Mohr<\/td>\n<\/tr>\n<tr>\n<td height=\"16\">1. Kassierer<\/td>\n<td>Marc Andr\u00e9 Schuth<\/td>\n<\/tr>\n<tr>\n<td height=\"16\">2. Kassierer<\/td>\n<td>Marco Raffauf<\/td>\n<\/tr>\n<tr>\n<td height=\"16\">1. Schriftf\u00fchrer<\/td>\n<td>Andrea M\u00fcnzel<\/td>\n<\/tr>\n<tr>\n<td height=\"16\">2. Schriftf\u00fchrer<\/td>\n<td>Sabrina Perschke<\/td>\n<\/tr>\n<tr>\n<td height=\"16\">Beisitzer<\/td>\n<td>Lina Sch\u00fctz<\/td>\n<\/tr>\n<tr>\n<td height=\"16\">Beisitzer<\/td>\n<td>Ren\u00e9 Mohr<\/td>\n<\/tr>\n<tr>\n<td height=\"16\">Beisitzer<\/td>\n<td>Pascal Klein<\/td>\n<\/tr>\n<tr>\n<td height=\"16\">F\u00e4hnrich<\/td>\n<td>Felix Perner<\/td>\n<\/tr>\n<tr>\n<td height=\"16\">Kassenpr\u00fcfer<\/td>\n<td>Frank Schuth<\/td>\n<\/tr>\n<tr>\n<td height=\"16\">Kassenpr\u00fcfer<\/td>\n<td>Petra Sch\u00fctz<\/td>\n<\/tr>\n<\/tbody>\n<\/table>\n<p style=\"text-align: center;\">*<\/p>\n<p><a href=\"https:\/\/www.koblenz-kesselheim.de\/kirmes\/wp-content\/uploads\/2019\/02\/JHVEhrung2018.jpg\"><img loading=\"lazy\" decoding=\"async\" class=\"wp-image-2238 aligncenter\" src=\"https:\/\/www.koblenz-kesselheim.de\/kirmes\/wp-content\/uploads\/2019\/02\/JHVEhrung2018.jpg\" alt=\"\" width=\"523\" height=\"697\" srcset=\"https:\/\/www.koblenz-kesselheim.de\/kirmes\/wp-content\/uploads\/2019\/02\/JHVEhrung2018.jpg 768w, https:\/\/www.koblenz-kesselheim.de\/kirmes\/wp-content\/uploads\/2019\/02\/JHVEhrung2018-225x300.jpg 225w\" sizes=\"auto, (max-width: 523px) 100vw, 523px\" \/><\/a><\/p>\n<p style=\"text-align: center;\">Auf der Mitgliederversammlung 2018 erfolgten<\/p>\n<div>\n<p style=\"text-align: center;\">folgende Ehrungen von Mitgliedern:<\/p>\n<\/div>\n<p style=\"text-align: center;\"><strong>Ehrung f\u00fcr 25j\u00e4hrige Mitgliedschaft:<\/strong><\/p>\n<div style=\"text-align: center;\">\n<p><strong>Silberne Ehrennadel<\/strong><\/p>\n<div id=\"AppleMailSignature\">Thorsten Zepp<\/div>\n<div>Stefan Ohlig<\/div>\n<div>Sascha Reuscher<\/div>\n<div>Michael Schirra<\/div>\n<\/div>\n<p style=\"text-align: center;\"><strong><br \/>\nEhrung f\u00fcr 50j\u00e4hrige Mitgliedschaft:<\/strong><\/p>\n<div>\n<p style=\"text-align: center;\"><strong>Goldene Ehrennadel<\/strong><\/p>\n<div id=\"AppleMailSignature\" style=\"text-align: center;\">Hans-Peter Mendyka<\/div>\n<\/div>\n<div><\/div>\n<div style=\"text-align: center;\">*<\/div>\n<div style=\"text-align: center;\">*<\/div>\n<h2 style=\"text-align: center;\">*<\/h2>\n<p style=\"text-align: center;\"><a href=\"http:\/\/www.koblenz-kesselheim.de\/kirmes\/wp-content\/uploads\/2010\/02\/Kesselheim_Kirche_bleistift_bunt.jpg\"><img loading=\"lazy\" decoding=\"async\" class=\"aligncenter size-full wp-image-497\" title=\"Kesselheim,_Kirche_bleistift_bunt\" src=\"http:\/\/www.koblenz-kesselheim.de\/kirmes\/wp-content\/uploads\/2010\/02\/Kesselheim_Kirche_bleistift_bunt.jpg\" alt=\"\" width=\"272\" height=\"360\" srcset=\"https:\/\/www.koblenz-kesselheim.de\/kirmes\/wp-content\/uploads\/2010\/02\/Kesselheim_Kirche_bleistift_bunt.jpg 454w, https:\/\/www.koblenz-kesselheim.de\/kirmes\/wp-content\/uploads\/2010\/02\/Kesselheim_Kirche_bleistift_bunt-227x300.jpg 227w\" sizes=\"auto, (max-width: 272px) 100vw, 272px\" \/><\/a><\/p>\n<p style=\"text-align: left;\"><span style=\"color: #0000ee;\"><span style=\"color: #000000;\"><strong><span style=\"text-decoration: underline;\">\u00a0<\/span><\/strong><\/span><\/span><\/p>\n<p>&nbsp;<\/p>\n<p><a href=\"https:\/\/www.koblenz-kesselheim.de\/kirmes\/wp-content\/uploads\/2022\/08\/Plakat-2022.jpg\"><img loading=\"lazy\" decoding=\"async\" class=\"wp-image-2371 aligncenter\" src=\"https:\/\/www.koblenz-kesselheim.de\/kirmes\/wp-content\/uploads\/2022\/08\/Plakat-2022.jpg\" alt=\"\" width=\"551\" height=\"782\" srcset=\"https:\/\/www.koblenz-kesselheim.de\/kirmes\/wp-content\/uploads\/2022\/08\/Plakat-2022.jpg 1748w, https:\/\/www.koblenz-kesselheim.de\/kirmes\/wp-content\/uploads\/2022\/08\/Plakat-2022-211x300.jpg 211w, https:\/\/www.koblenz-kesselheim.de\/kirmes\/wp-content\/uploads\/2022\/08\/Plakat-2022-722x1024.jpg 722w, https:\/\/www.koblenz-kesselheim.de\/kirmes\/wp-content\/uploads\/2022\/08\/Plakat-2022-768x1090.jpg 768w, https:\/\/www.koblenz-kesselheim.de\/kirmes\/wp-content\/uploads\/2022\/08\/Plakat-2022-1083x1536.jpg 1083w, https:\/\/www.koblenz-kesselheim.de\/kirmes\/wp-content\/uploads\/2022\/08\/Plakat-2022-1444x2048.jpg 1444w\" sizes=\"auto, (max-width: 551px) 100vw, 551px\" \/><\/a><\/p>\n<p>&nbsp;<\/p>\n<h2 style=\"text-align: center;\">*<\/h2>\n<p style=\"text-align: center;\"><strong>Mitgliederversammlung vom Freitag, den 07.01.2022<\/strong><\/p>\n<p style=\"text-align: center;\"><strong>im Casino des B\u00fcrgervereins<\/strong><\/p>\n<p style=\"text-align: center;\"><strong>Wahlergebnisse der Vorstandswahlen:<\/strong><\/p>\n<p style=\"text-align: center;\"><span style=\"color: #ff0000;\"><strong>Andreas M\u00fcnzel ist Kirmespr\u00e4sident <\/strong><\/span><\/p>\n<p style=\"text-align: center;\"><span style=\"color: #ff0000;\"><strong>im Jubil\u00e4umsjahr<\/strong><\/span><\/p>\n<table class=\" aligncenter\" border=\"0\" width=\"368\" cellspacing=\"0\" cellpadding=\"0\">\n<colgroup>\n<col width=\"173\" \/>\n<col width=\"195\" \/><\/colgroup>\n<tbody>\n<tr>\n<td class=\"xl65\" width=\"173\" height=\"21\">1. Vorsitzender<\/td>\n<td class=\"xl65\" width=\"195\">Andreas M\u00fcnzel<\/td>\n<\/tr>\n<tr>\n<td class=\"xl65\" height=\"21\">Stellv. Vorsitzender<\/td>\n<td class=\"xl65\">Christoph Mohr<\/td>\n<\/tr>\n<tr>\n<td class=\"xl65\" height=\"21\">1. Kassierer<\/td>\n<td class=\"xl65\">Marc Andr\u00e9 Schuth<\/td>\n<\/tr>\n<tr>\n<td class=\"xl65\" height=\"21\">2. Kassierer<\/td>\n<td class=\"xl65\">Marco Raffauf<\/td>\n<\/tr>\n<tr>\n<td class=\"xl65\" height=\"21\">1. Schriftf\u00fchrer<\/td>\n<td class=\"xl65\">Andrea Peremans<\/td>\n<\/tr>\n<tr>\n<td class=\"xl65\" height=\"21\">2. Schriftf\u00fchrer<\/td>\n<td class=\"xl65\">Sabrina H\u00f6fer<\/td>\n<\/tr>\n<tr>\n<td class=\"xl65\" height=\"21\">1. Beisitzer<\/td>\n<td class=\"xl65\">Lina Sch\u00fctz<\/td>\n<\/tr>\n<tr>\n<td class=\"xl65\" height=\"21\">2. Beisitzer<\/td>\n<td class=\"xl65\">Felix Perner<\/td>\n<\/tr>\n<tr>\n<td class=\"xl65\" height=\"21\">3. Beisitzer<\/td>\n<td class=\"xl65\">Ren\u00e9 Mohr<\/td>\n<\/tr>\n<tr>\n<td class=\"xl65\" height=\"21\">4. Beisitzer<\/td>\n<td class=\"xl65\">Gina Pauly<\/td>\n<\/tr>\n<tr>\n<td class=\"xl65\" height=\"21\">Fahnentr\u00e4gerin<\/td>\n<td class=\"xl65\">Jasmin Hohl<\/td>\n<\/tr>\n<tr>\n<td class=\"xl65\" height=\"21\">Pr\u00e4sident<\/td>\n<td class=\"xl65\">Andreas M\u00fcnzel<\/td>\n<\/tr>\n<tr>\n<td class=\"xl65\" height=\"21\">Schiessmeister<br \/>\nSchiessmeisterin<\/td>\n<td class=\"xl65\">Enrico Pauly<br \/>\nLindsay Ediale<\/td>\n<\/tr>\n<tr>\n<td class=\"xl65\" height=\"21\">Kassenpr\u00fcfer<\/td>\n<td class=\"xl65\">Philipp Dennert<\/td>\n<\/tr>\n<tr>\n<td class=\"xl65\" height=\"21\">Kassenpr\u00fcfer<\/td>\n<td class=\"xl65\" style=\"text-align: left;\">Nicole Dennert<\/td>\n<\/tr>\n<\/tbody>\n<\/table>\n<p style=\"text-align: center;\">*<\/p>\n<div id=\"attachment_2340\" style=\"width: 504px\" class=\"wp-caption aligncenter\"><a href=\"https:\/\/www.koblenz-kesselheim.de\/kirmes\/wp-content\/uploads\/2022\/01\/Ehrungen2022.jpg\"><img loading=\"lazy\" decoding=\"async\" aria-describedby=\"caption-attachment-2340\" class=\"wp-image-2340\" src=\"https:\/\/www.koblenz-kesselheim.de\/kirmes\/wp-content\/uploads\/2022\/01\/Ehrungen2022.jpg\" alt=\"\" width=\"494\" height=\"370\" srcset=\"https:\/\/www.koblenz-kesselheim.de\/kirmes\/wp-content\/uploads\/2022\/01\/Ehrungen2022.jpg 2048w, https:\/\/www.koblenz-kesselheim.de\/kirmes\/wp-content\/uploads\/2022\/01\/Ehrungen2022-300x225.jpg 300w, https:\/\/www.koblenz-kesselheim.de\/kirmes\/wp-content\/uploads\/2022\/01\/Ehrungen2022-1024x768.jpg 1024w, https:\/\/www.koblenz-kesselheim.de\/kirmes\/wp-content\/uploads\/2022\/01\/Ehrungen2022-768x576.jpg 768w, https:\/\/www.koblenz-kesselheim.de\/kirmes\/wp-content\/uploads\/2022\/01\/Ehrungen2022-1536x1152.jpg 1536w\" sizes=\"auto, (max-width: 494px) 100vw, 494px\" \/><\/a><p id=\"caption-attachment-2340\" class=\"wp-caption-text\">Ehrungen 2022<\/p><\/div>\n<p style=\"text-align: center;\">*<\/p>\n<p style=\"text-align: center;\">Auf der Mitgliederversammlung am 07.01.2022 erfolgten<\/p>\n<div style=\"text-align: center;\">\n<p>folgende Ehrungen von Mitgliedern:<\/p>\n<\/div>\n<p style=\"text-align: center;\"><strong>Ehrung f\u00fcr 25j\u00e4hrige Mitgliedschaft:<\/strong><\/p>\n<div style=\"text-align: center;\">\n<p><strong>Silberne Ehrennadel<\/strong><\/p>\n<div id=\"AppleMailSignature\">Andreas M\u00fcnzel (25.01.96)<\/div>\n<div>Gisbert Lux (03.06.96)<\/div>\n<div>Albert Reif (24.09.96)<\/div>\n<div>Ralph Weiland (31.10.96)<\/div>\n<div>Michael Stolz (31.12.96)<\/div>\n<\/div>\n<p style=\"text-align: center;\"><strong><br \/>\nEhrung f\u00fcr 50j\u00e4hrige Mitgliedschaft:<\/strong><\/p>\n<div>\n<p style=\"text-align: center;\"><strong>Goldene Ehrennadel<\/strong><\/p>\n<div id=\"AppleMailSignature\" style=\"text-align: center;\">\n<div>Rudi Hebel (01.01.70)<\/div>\n<div>Berthold Gille (01.01.70)<\/div>\n<div>Birgit Gille (01.01.70)<\/div>\n<div>Dirk M\u00fcnnich (01.01.70)<\/div>\n<div>Klaus Scherer (01.01.70)<\/div>\n<div>Alfred H\u00fcrter (01.01.71)<\/div>\n<div>Friedhelm Mehlbreuer (01.01.71)<\/div>\n<div>\n<p>Bernd M\u00fcnnich (01.01.71)<\/p>\n<p>*<\/p>\n<\/div>\n<\/div>\n<\/div>\n<div><\/div>\n<p style=\"text-align: center;\">*<span style=\"color: #0000ff; font-size: 18pt;\">Jahreshauptversammlung\u00a0<\/span><\/p>\n<h3 style=\"text-align: center;\"><span style=\"color: #0000ff; font-size: 18pt;\">am 07. Januar 2022<\/span><\/h3>\n<h3 style=\"text-align: center;\"><span style=\"color: #0000ff; font-size: 18pt;\">um 19:00 Uhr<\/span><\/h3>\n<h3 style=\"text-align: center;\"><span style=\"color: #0000ff; font-size: 18pt;\">Einlass mit 2G+ oder geboostert<\/span><\/h3>\n<p style=\"text-align: center;\">*<\/p>\n<h2 style=\"text-align: center;\"><span style=\"color: #ff6600;\">Kirmes in Kesselheim 2021<\/span><\/h2>\n<h2 style=\"text-align: center;\"><span style=\"color: #ff6600;\">Programm &#8222;Corona&#8220; Kirmes<\/span><\/h2>\n<h3 style=\"text-align: center;\"><strong>Kirmessamstag, 04.09.2021<\/strong><\/h3>\n<p style=\"text-align: center;\"><strong>14:00 Uhr <\/strong><\/p>\n<p style=\"text-align: center;\">Aufstellung des Kirmesbaumes<br \/>\nan der Kirche von Hand durch die<br \/>\nSchiessleute<\/p>\n<p style=\"text-align: center;\"><strong>18:00 Uhr<\/strong><\/p>\n<p style=\"text-align: center;\">Festumzug mit dem Musikverein Kobern<br \/>\nund dem Vorstand der Kirmesgesellschaft<\/p>\n<h3 style=\"text-align: center;\"><strong>Kirmessonntag, 05.09.2021<\/strong><\/h3>\n<p style=\"text-align: center;\"><strong>09:45 Uhr<\/strong><\/p>\n<p style=\"text-align: center;\">Gottesdienst mit anschlie\u00dfender<br \/>\nKranzniederlegung am Ehrenmal<br \/>\nmit der Freiwilligen Feuerwehr<br \/>\nund Ansprache des Ortsvorstehers<br \/>\nHerbert Dott<\/p>\n<p>&nbsp;<\/p>\n<p style=\"text-align: center;\">Es freut sich auf Ihr Kommen:<br \/>\n<strong>Kirmesgesellschaft Kesselheim 1922 e. V.<\/strong><br \/>\n<strong>Der Vorstand<\/strong><\/p>\n<h2 style=\"text-align: center;\"><span style=\"color: #ff0000;\">Kirmes in Kesselheim 2020<\/span><\/h2>\n<h2 style=\"text-align: center;\"><span style=\"color: #ff0000;\">Programm &#8222;Corona&#8220; Kirmes<\/span><\/h2>\n<h3 style=\"text-align: center;\"><strong>Samstag, 05.09.2020<\/strong><\/h3>\n<p style=\"text-align: center;\"><strong>14:00 Uhr <\/strong><\/p>\n<p style=\"text-align: center;\">Aufstellung des Kirmesbaumes<br \/>\nan der Kirche von Hand durch die<br \/>\nSchiessleute<\/p>\n<p style=\"text-align: center;\"><strong>18:00 Uhr<\/strong><\/p>\n<p style=\"text-align: center;\">Festumzug mit dem Musikverein Kobern<br \/>\nund dem Vorstand der Kirmesgesellschaft<\/p>\n<h3 style=\"text-align: center;\"><strong>Sonntag, 06.09.2020<\/strong><\/h3>\n<p style=\"text-align: center;\"><strong>09:45 Uhr<\/strong><\/p>\n<p style=\"text-align: center;\">Gottesdienst mit anschlie\u00dfender<br \/>\nKranzniederlegung am Ehrenmal<br \/>\nmit der Freiwilligen Feuerwehr<br \/>\nund Ansprache des Ortsvorstehers<br \/>\nHerbert Dott<\/p>\n<p>&nbsp;<\/p>\n<p style=\"text-align: center;\">Es freut sich auf Ihr Kommen:<br \/>\n<strong>Kirmesgesellschaft Kesselheim 1922 e. V.<\/strong><br \/>\n<strong>Der Vorstand<\/strong><\/p>\n<p style=\"text-align: center;\">*<\/p>\n<p style=\"text-align: center;\">*<\/p>\n<p>&nbsp;<\/p>\n<p style=\"text-align: center;\"><strong>Mitgliederversammlung vom Sonntag, den 19.01.2020<\/strong><\/p>\n<p style=\"text-align: center;\"><strong>im Casino des B\u00fcrgervereins<\/strong><\/p>\n<p style=\"text-align: center;\"><strong>Wahlergebnisse der Vorstandswahlen:<\/strong><\/p>\n<table class=\" aligncenter\" border=\"0\" width=\"368\" cellspacing=\"0\" cellpadding=\"0\">\n<colgroup>\n<col width=\"173\" \/>\n<col width=\"195\" \/><\/colgroup>\n<tbody>\n<tr>\n<td class=\"xl65\" width=\"173\" height=\"21\">1. Vorsitzender<\/td>\n<td class=\"xl65\" width=\"195\">Andreas M\u00fcnzel<\/td>\n<\/tr>\n<tr>\n<td class=\"xl65\" height=\"21\">Stellv. Vorsitzender<\/td>\n<td class=\"xl65\">Christoph Mohr<\/td>\n<\/tr>\n<tr>\n<td class=\"xl65\" height=\"21\">1. Kassierer<\/td>\n<td class=\"xl65\">Marc Andr\u00e9 Schuth<\/td>\n<\/tr>\n<tr>\n<td class=\"xl65\" height=\"21\">2. Kassierer<\/td>\n<td class=\"xl65\">Marco Raffauf<\/td>\n<\/tr>\n<tr>\n<td class=\"xl65\" height=\"21\">1. Schriftf\u00fchrer<\/td>\n<td class=\"xl65\">Andrea M\u00fcnzel<\/td>\n<\/tr>\n<tr>\n<td class=\"xl65\" height=\"21\">2. Schriftf\u00fchrer<\/td>\n<td class=\"xl65\">Sabrina Perschke<\/td>\n<\/tr>\n<tr>\n<td class=\"xl65\" height=\"21\">1. Beisitzer<\/td>\n<td class=\"xl65\">Lina Sch\u00fctz<\/td>\n<\/tr>\n<tr>\n<td class=\"xl65\" height=\"21\">2. Beisitzer<\/td>\n<td class=\"xl65\">Felix Perner<\/td>\n<\/tr>\n<tr>\n<td class=\"xl65\" height=\"21\">3. Beisitzer<\/td>\n<td class=\"xl65\">Ren\u00e9 Mohr<\/td>\n<\/tr>\n<tr>\n<td class=\"xl65\" height=\"21\">4. Beisitzer<\/td>\n<td class=\"xl65\">Jasmin Hohl<\/td>\n<\/tr>\n<tr>\n<td class=\"xl65\" height=\"21\">F\u00e4hnrich<\/td>\n<td class=\"xl65\">Uluhan G\u00f6rm\u00fcs<\/td>\n<\/tr>\n<tr>\n<td class=\"xl65\" height=\"21\">Pr\u00e4sidentin<\/td>\n<td class=\"xl65\">Lina Sch\u00fctz<\/td>\n<\/tr>\n<tr>\n<td class=\"xl65\" height=\"21\">Schiessmeister<\/td>\n<td class=\"xl65\">Marvin Mohr<\/td>\n<\/tr>\n<tr>\n<td class=\"xl65\" height=\"21\">Kassenpr\u00fcfer<\/td>\n<td class=\"xl65\">Wolfgang Schmengler<\/td>\n<\/tr>\n<tr>\n<td class=\"xl65\" height=\"21\">Kassenpr\u00fcfer<\/td>\n<td class=\"xl65\" style=\"text-align: left;\">Lindsay Ediale<\/td>\n<\/tr>\n<\/tbody>\n<\/table>\n<p style=\"text-align: center;\">*<\/p>\n<div id=\"attachment_2291\" style=\"width: 512px\" class=\"wp-caption aligncenter\"><a href=\"https:\/\/www.koblenz-kesselheim.de\/kirmes\/wp-content\/uploads\/2020\/01\/IMG_9025.jpg\"><img loading=\"lazy\" decoding=\"async\" aria-describedby=\"caption-attachment-2291\" class=\"wp-image-2291\" src=\"https:\/\/www.koblenz-kesselheim.de\/kirmes\/wp-content\/uploads\/2020\/01\/IMG_9025.jpg\" alt=\"\" width=\"502\" height=\"377\" srcset=\"https:\/\/www.koblenz-kesselheim.de\/kirmes\/wp-content\/uploads\/2020\/01\/IMG_9025.jpg 1600w, https:\/\/www.koblenz-kesselheim.de\/kirmes\/wp-content\/uploads\/2020\/01\/IMG_9025-300x225.jpg 300w, https:\/\/www.koblenz-kesselheim.de\/kirmes\/wp-content\/uploads\/2020\/01\/IMG_9025-1024x768.jpg 1024w, https:\/\/www.koblenz-kesselheim.de\/kirmes\/wp-content\/uploads\/2020\/01\/IMG_9025-768x576.jpg 768w, https:\/\/www.koblenz-kesselheim.de\/kirmes\/wp-content\/uploads\/2020\/01\/IMG_9025-1536x1152.jpg 1536w\" sizes=\"auto, (max-width: 502px) 100vw, 502px\" \/><\/a><p id=\"caption-attachment-2291\" class=\"wp-caption-text\">Ehrung von Norbert Berres (Mitte) f\u00fcr 50 Jahre Mitgliedschaft durch den 2. Vorsitzenden Christoph Mohr und 1. Vorsitzenden Andreas M\u00fcnzel<\/p><\/div>\n<p style=\"text-align: center;\">*<\/p>\n<p style=\"text-align: center;\">Auf der Mitgliederversammlung am 19.01.2020 erfolgten<\/p>\n<div style=\"text-align: center;\">\n<p>folgende Ehrungen von Mitgliedern:<\/p>\n<\/div>\n<p style=\"text-align: center;\"><strong>Ehrung f\u00fcr 25j\u00e4hrige Mitgliedschaft:<\/strong><\/p>\n<div style=\"text-align: center;\">\n<p><strong>Silberne Ehrennadel<\/strong><\/p>\n<div id=\"AppleMailSignature\">Doris Lux<\/div>\n<div>Heiko Knopf<\/div>\n<div>Thomas Ernerth<\/div>\n<\/div>\n<p style=\"text-align: center;\"><strong><br \/>\nEhrung f\u00fcr 50j\u00e4hrige Mitgliedschaft:<\/strong><\/p>\n<div>\n<p style=\"text-align: center;\"><strong>Goldene Ehrennadel<\/strong><\/p>\n<div id=\"AppleMailSignature\" style=\"text-align: center;\">Kurt Mendyka<\/div>\n<div style=\"text-align: center;\">Norbert Berres<\/div>\n<\/div>\n<p style=\"text-align: center;\">*<\/p>\n<p><a href=\"https:\/\/www.koblenz-kesselheim.de\/kirmes\/wp-content\/uploads\/2019\/07\/Plakat-2019.jpg\"><br \/>\n<img loading=\"lazy\" decoding=\"async\" class=\"wp-image-2266 aligncenter\" src=\"https:\/\/www.koblenz-kesselheim.de\/kirmes\/wp-content\/uploads\/2019\/07\/Plakat-2019.jpg\" alt=\"\" width=\"592\" height=\"841\" srcset=\"https:\/\/www.koblenz-kesselheim.de\/kirmes\/wp-content\/uploads\/2019\/07\/Plakat-2019.jpg 1479w, https:\/\/www.koblenz-kesselheim.de\/kirmes\/wp-content\/uploads\/2019\/07\/Plakat-2019-211x300.jpg 211w, https:\/\/www.koblenz-kesselheim.de\/kirmes\/wp-content\/uploads\/2019\/07\/Plakat-2019-768x1090.jpg 768w, https:\/\/www.koblenz-kesselheim.de\/kirmes\/wp-content\/uploads\/2019\/07\/Plakat-2019-722x1024.jpg 722w\" sizes=\"auto, (max-width: 592px) 100vw, 592px\" \/><\/a><\/p>\n<p style=\"text-align: center;\">*<\/p>\n<p style=\"text-align: center;\"><strong>Mitgliederversammlung vom Freitag, den 25.01.2019<\/strong><\/p>\n<p style=\"text-align: center;\"><strong>im Casino des B\u00fcrgervereins<\/strong><\/p>\n<p style=\"text-align: center;\"><strong>Wahlergebnisse der Vorstandswahlen:<\/strong><\/p>\n<table style=\"width: 46.11727855477856%; height: 288px;\" border=\"0\" cellspacing=\"0\" cellpadding=\"0\" align=\"center\">\n<colgroup>\n<col width=\"193\" \/>\n<col width=\"230\" \/><\/colgroup>\n<tbody>\n<tr style=\"height: 24px;\">\n<td style=\"height: 24px;\" width=\"193\" height=\"16\">1. Vorsitzender<\/td>\n<td style=\"height: 24px;\" width=\"230\">Andreas M\u00fcnzel<\/td>\n<\/tr>\n<tr style=\"height: 24px;\">\n<td style=\"height: 24px;\" height=\"16\">Stellv. Vorsitzender<\/td>\n<td style=\"height: 24px;\">Christoph Mohr<\/td>\n<\/tr>\n<tr style=\"height: 24px;\">\n<td style=\"height: 24px;\" height=\"16\">1. Kassierer<\/td>\n<td style=\"height: 24px;\">Marc Andr\u00e9 Schuth<\/td>\n<\/tr>\n<tr style=\"height: 24px;\">\n<td style=\"height: 24px;\" height=\"16\">2. Kassierer<\/td>\n<td style=\"height: 24px;\">Marco Raffauf<\/td>\n<\/tr>\n<tr style=\"height: 24px;\">\n<td style=\"height: 24px;\" height=\"16\">1. Schriftf\u00fchrer<\/td>\n<td style=\"height: 24px;\">Andrea M\u00fcnzel<\/td>\n<\/tr>\n<tr style=\"height: 24px;\">\n<td style=\"height: 24px;\" height=\"16\">2. Schriftf\u00fchrer<\/td>\n<td style=\"height: 24px;\">Sabrina Perschke<\/td>\n<\/tr>\n<tr style=\"height: 24px;\">\n<td style=\"height: 24px;\" height=\"16\">Beisitzer<\/td>\n<td style=\"height: 24px;\">Lina Sch\u00fctz<\/td>\n<\/tr>\n<tr style=\"height: 24px;\">\n<td style=\"height: 24px;\" height=\"16\">Beisitzer<\/td>\n<td style=\"height: 24px;\">Ren\u00e9 Mohr<\/td>\n<\/tr>\n<tr style=\"height: 24px;\">\n<td style=\"height: 24px;\" height=\"16\">Beisitzer<\/td>\n<td style=\"height: 24px;\">Pascal Klein<\/td>\n<\/tr>\n<tr style=\"height: 24px;\">\n<td style=\"height: 24px;\" height=\"16\">F\u00e4hnrich<\/td>\n<td style=\"height: 24px;\">Felix Perner<\/td>\n<\/tr>\n<tr style=\"height: 24px;\">\n<td style=\"height: 24px;\" height=\"16\">Kassenpr\u00fcfer<\/td>\n<td style=\"height: 24px;\">Wilfried Billig<\/td>\n<\/tr>\n<tr style=\"height: 24px;\">\n<td style=\"height: 24px;\" height=\"16\">Kassenpr\u00fcfer<\/td>\n<td style=\"height: 24px;\">Petra Sch\u00fctz<\/td>\n<\/tr>\n<\/tbody>\n<\/table>\n<p style=\"text-align: center;\">*<\/p>\n<p><a href=\"https:\/\/www.koblenz-kesselheim.de\/kirmes\/wp-content\/uploads\/2019\/02\/JHVEhrung2019.jpg\"><img loading=\"lazy\" decoding=\"async\" class=\"wp-image-2236 aligncenter\" src=\"https:\/\/www.koblenz-kesselheim.de\/kirmes\/wp-content\/uploads\/2019\/02\/JHVEhrung2019.jpg\" alt=\"\" width=\"484\" height=\"363\" srcset=\"https:\/\/www.koblenz-kesselheim.de\/kirmes\/wp-content\/uploads\/2019\/02\/JHVEhrung2019.jpg 1600w, https:\/\/www.koblenz-kesselheim.de\/kirmes\/wp-content\/uploads\/2019\/02\/JHVEhrung2019-300x225.jpg 300w, https:\/\/www.koblenz-kesselheim.de\/kirmes\/wp-content\/uploads\/2019\/02\/JHVEhrung2019-768x576.jpg 768w, https:\/\/www.koblenz-kesselheim.de\/kirmes\/wp-content\/uploads\/2019\/02\/JHVEhrung2019-1024x768.jpg 1024w\" sizes=\"auto, (max-width: 484px) 100vw, 484px\" \/><\/a><\/p>\n<p style=\"text-align: center;\">Auf der Mitgliederversammlung am 25.01.2019 erfolgten<\/p>\n<div style=\"text-align: center;\">\n<p>folgende Ehrungen von Mitgliedern:<\/p>\n<\/div>\n<p style=\"text-align: center;\"><strong>Ehrung f\u00fcr 25j\u00e4hrige Mitgliedschaft:<\/strong><\/p>\n<div style=\"text-align: center;\">\n<p><strong>Silberne Ehrennadel<\/strong><\/p>\n<div id=\"AppleMailSignature\">Petra Reif<\/div>\n<div>Detlef Weber<\/div>\n<\/div>\n<p style=\"text-align: center;\"><strong><br \/>\nEhrung f\u00fcr 50j\u00e4hrige Mitgliedschaft:<\/strong><\/p>\n<div>\n<p style=\"text-align: center;\"><strong>Goldene Ehrennadel<\/strong><\/p>\n<div id=\"AppleMailSignature\" style=\"text-align: center;\">Dieter Mohr<\/div>\n<\/div>\n<p style=\"text-align: center;\">*<\/p>\n<p style=\"text-align: center;\"><a href=\"http:\/\/www.koblenz-kesselheim.de\/kirmes\/wp-content\/uploads\/2018\/09\/Plakat_2018.jpg\"><img loading=\"lazy\" decoding=\"async\" class=\"wp-image-2163 aligncenter\" src=\"http:\/\/www.koblenz-kesselheim.de\/kirmes\/wp-content\/uploads\/2018\/09\/Plakat_2018.jpg\" alt=\"\" width=\"600\" height=\"852\" srcset=\"https:\/\/www.koblenz-kesselheim.de\/kirmes\/wp-content\/uploads\/2018\/09\/Plakat_2018.jpg 1479w, https:\/\/www.koblenz-kesselheim.de\/kirmes\/wp-content\/uploads\/2018\/09\/Plakat_2018-211x300.jpg 211w, https:\/\/www.koblenz-kesselheim.de\/kirmes\/wp-content\/uploads\/2018\/09\/Plakat_2018-768x1090.jpg 768w, https:\/\/www.koblenz-kesselheim.de\/kirmes\/wp-content\/uploads\/2018\/09\/Plakat_2018-722x1024.jpg 722w\" sizes=\"auto, (max-width: 600px) 100vw, 600px\" \/><\/a><a href=\"http:\/\/www.koblenz-kesselheim.de\/kirmes\/wp-content\/uploads\/2010\/02\/Plakat2015_1.jpg\"><br \/>\n<\/a>\u00a0*<\/p>\n<p style=\"text-align: center;\">*<\/p>\n<p><a href=\"http:\/\/www.koblenz-kesselheim.de\/kirmes\/wp-content\/uploads\/2018\/10\/IMG_2593.jpg\"><img loading=\"lazy\" decoding=\"async\" class=\"wp-image-2217 aligncenter\" src=\"http:\/\/www.koblenz-kesselheim.de\/kirmes\/wp-content\/uploads\/2018\/10\/IMG_2593.jpg\" alt=\"\" width=\"602\" height=\"401\" srcset=\"https:\/\/www.koblenz-kesselheim.de\/kirmes\/wp-content\/uploads\/2018\/10\/IMG_2593.jpg 3888w, https:\/\/www.koblenz-kesselheim.de\/kirmes\/wp-content\/uploads\/2018\/10\/IMG_2593-300x200.jpg 300w, https:\/\/www.koblenz-kesselheim.de\/kirmes\/wp-content\/uploads\/2018\/10\/IMG_2593-768x512.jpg 768w, https:\/\/www.koblenz-kesselheim.de\/kirmes\/wp-content\/uploads\/2018\/10\/IMG_2593-1024x683.jpg 1024w\" sizes=\"auto, (max-width: 602px) 100vw, 602px\" \/><\/a><\/p>\n<p style=\"text-align: center;\">Technikpreis f\u00fcr Kirmesgesellschaft Kesselheim e. V. von der AKK<\/p>\n<p style=\"text-align: center;\">f\u00fcr die beste Technik beim Rosenmontagszug 2018<\/p>\n<p style=\"text-align: center;\">*<\/p>\n<p style=\"text-align: left;\"><a href=\"http:\/\/www.koblenz-kesselheim.de\/kirmes\/wp-content\/uploads\/2018\/10\/IMG_2558.jpg\"><img loading=\"lazy\" decoding=\"async\" class=\"wp-image-2215 aligncenter\" src=\"http:\/\/www.koblenz-kesselheim.de\/kirmes\/wp-content\/uploads\/2018\/10\/IMG_2558.jpg\" alt=\"\" width=\"598\" height=\"398\" srcset=\"https:\/\/www.koblenz-kesselheim.de\/kirmes\/wp-content\/uploads\/2018\/10\/IMG_2558.jpg 3888w, https:\/\/www.koblenz-kesselheim.de\/kirmes\/wp-content\/uploads\/2018\/10\/IMG_2558-300x200.jpg 300w, https:\/\/www.koblenz-kesselheim.de\/kirmes\/wp-content\/uploads\/2018\/10\/IMG_2558-768x512.jpg 768w, https:\/\/www.koblenz-kesselheim.de\/kirmes\/wp-content\/uploads\/2018\/10\/IMG_2558-1024x683.jpg 1024w\" sizes=\"auto, (max-width: 598px) 100vw, 598px\" \/><\/a><\/p>\n<p style=\"text-align: center;\">Motto der KG: &#8222;Die Steuerhex nix investiert, in Kesselheim wird nur abkassiert&#8220;<\/p>\n<p style=\"text-align: center;\">Jubil\u00e4umsumzug vom 10.02.2018 in Kesselheim<\/p>\n<p style=\"text-align: center;\">*<\/p>\n<p style=\"text-align: center;\">*<\/p>\n<p style=\"text-align: center;\"><strong>Mitgliederversammlung vom Freitag, den 19.01.2018<\/strong><\/p>\n<p style=\"text-align: center;\"><strong>im Gasthaus Rheintal (Bud)<\/strong><\/p>\n<p style=\"text-align: center;\"><strong>Wahlergebnisse der Vorstandswahlen:<\/strong><\/p>\n<table border=\"0\" cellspacing=\"0\" cellpadding=\"0\" align=\"center\">\n<colgroup>\n<col width=\"193\" \/>\n<col width=\"230\" \/><\/colgroup>\n<tbody>\n<tr>\n<td width=\"193\" height=\"16\">1. Vorsitzender<\/td>\n<td width=\"230\">Andreas M\u00fcnzel<\/td>\n<\/tr>\n<tr>\n<td height=\"16\">Stellv. Vorsitzender<\/td>\n<td>Christoph Mohr<\/td>\n<\/tr>\n<tr>\n<td height=\"16\">1. Kassierer<\/td>\n<td>Marc Andr\u00e9 Schuth<\/td>\n<\/tr>\n<tr>\n<td height=\"16\">2. Kassierer<\/td>\n<td>Marco Raffauf<\/td>\n<\/tr>\n<tr>\n<td height=\"16\">1. Schriftf\u00fchrer<\/td>\n<td>Andrea M\u00fcnzel<\/td>\n<\/tr>\n<tr>\n<td height=\"16\">2. Schriftf\u00fchrer<\/td>\n<td>Sabrina Perschke<\/td>\n<\/tr>\n<tr>\n<td height=\"16\">Beisitzer<\/td>\n<td>Lina Sch\u00fctz<\/td>\n<\/tr>\n<tr>\n<td height=\"16\">Beisitzer<\/td>\n<td>Ren\u00e9 Mohr<\/td>\n<\/tr>\n<tr>\n<td height=\"16\">Beisitzer<\/td>\n<td>Pascal Klein<\/td>\n<\/tr>\n<tr>\n<td height=\"16\">F\u00e4hnrich<\/td>\n<td>Felix Perner<\/td>\n<\/tr>\n<tr>\n<td height=\"16\">Kassenpr\u00fcfer<\/td>\n<td>Frank Schuth<\/td>\n<\/tr>\n<tr>\n<td height=\"16\">Kassenpr\u00fcfer<\/td>\n<td>Petra Sch\u00fctz<\/td>\n<\/tr>\n<\/tbody>\n<\/table>\n<p style=\"text-align: center;\">*<\/p>\n<p><a href=\"https:\/\/www.koblenz-kesselheim.de\/kirmes\/wp-content\/uploads\/2019\/02\/JHVEhrung2018.jpg\"><img loading=\"lazy\" decoding=\"async\" class=\"wp-image-2238 aligncenter\" src=\"https:\/\/www.koblenz-kesselheim.de\/kirmes\/wp-content\/uploads\/2019\/02\/JHVEhrung2018.jpg\" alt=\"\" width=\"523\" height=\"697\" srcset=\"https:\/\/www.koblenz-kesselheim.de\/kirmes\/wp-content\/uploads\/2019\/02\/JHVEhrung2018.jpg 768w, https:\/\/www.koblenz-kesselheim.de\/kirmes\/wp-content\/uploads\/2019\/02\/JHVEhrung2018-225x300.jpg 225w\" sizes=\"auto, (max-width: 523px) 100vw, 523px\" \/><\/a><\/p>\n<p style=\"text-align: center;\">Auf der Mitgliederversammlung 2018 erfolgten<\/p>\n<div>\n<p style=\"text-align: center;\">folgende Ehrungen von Mitgliedern:<\/p>\n<\/div>\n<p style=\"text-align: center;\"><strong>Ehrung f\u00fcr 25j\u00e4hrige Mitgliedschaft:<\/strong><\/p>\n<div style=\"text-align: center;\">\n<p><strong>Silberne Ehrennadel<\/strong><\/p>\n<div id=\"AppleMailSignature\">Thorsten Zepp<\/div>\n<div>Stefan Ohlig<\/div>\n<div>Sascha Reuscher<\/div>\n<div>Michael Schirra<\/div>\n<\/div>\n<p style=\"text-align: center;\"><strong><br \/>\nEhrung f\u00fcr 50j\u00e4hrige Mitgliedschaft:<\/strong><\/p>\n<div>\n<p style=\"text-align: center;\"><strong>Goldene Ehrennadel<\/strong><\/p>\n<div id=\"AppleMailSignature\" style=\"text-align: center;\">Hans-Peter Mendyka<\/div>\n<\/div>\n<div><\/div>\n<div style=\"text-align: center;\">*<\/div>\n<div style=\"text-align: center;\">*<\/div>\n<h2 style=\"text-align: center;\">*<\/h2>\n<p style=\"text-align: center;\"><a href=\"http:\/\/www.koblenz-kesselheim.de\/kirmes\/wp-content\/uploads\/2010\/02\/Kesselheim_Kirche_bleistift_bunt.jpg\"><img loading=\"lazy\" decoding=\"async\" class=\"aligncenter size-full wp-image-497\" title=\"Kesselheim,_Kirche_bleistift_bunt\" src=\"http:\/\/www.koblenz-kesselheim.de\/kirmes\/wp-content\/uploads\/2010\/02\/Kesselheim_Kirche_bleistift_bunt.jpg\" alt=\"\" width=\"272\" height=\"360\" srcset=\"https:\/\/www.koblenz-kesselheim.de\/kirmes\/wp-content\/uploads\/2010\/02\/Kesselheim_Kirche_bleistift_bunt.jpg 454w, https:\/\/www.koblenz-kesselheim.de\/kirmes\/wp-content\/uploads\/2010\/02\/Kesselheim_Kirche_bleistift_bunt-227x300.jpg 227w\" sizes=\"auto, (max-width: 272px) 100vw, 272px\" \/><\/a><\/p>\n<p style=\"text-align: left;\"><span style=\"color: #0000ee;\"><span style=\"color: #000000;\"><strong><span style=\"text-decoration: underline;\">\u00a0<\/span><\/strong><\/span><\/span><\/p>\n","protected":false},"excerpt":{"rendered":"<p>Herzlich Willkommen auf der Internet-Seite der Kirmesgesellschaft 1922 St. Martin Kesselheim e.V. Karten sind nur an der Abendkasse zu erwerben. * * Mitgliederversammlung vom Mittwoch, 16.01.2025 im Casino des B\u00fcrgervereins Wahlergebnisse der Vorstandswahlen: von links nach rechts: Lindsay Ediale, Christoph &hellip; <a href=\"https:\/\/www.koblenz-kesselheim.de\/kirmes\/\">Weiterlesen <span class=\"meta-nav\">&rarr;<\/span><\/a><\/p>\n","protected":false},"author":5,"featured_media":0,"parent":0,"menu_order":4,"comment_status":"closed","ping_status":"closed","template":"","meta":{"footnotes":""},"class_list":["post-18","page","type-page","status-publish","hentry"],"_links":{"self":[{"href":"https:\/\/www.koblenz-kesselheim.de\/kirmes\/wp-json\/wp\/v2\/pages\/18","targetHints":{"allow":["GET"]}}],"collection":[{"href":"https:\/\/www.koblenz-kesselheim.de\/kirmes\/wp-json\/wp\/v2\/pages"}],"about":[{"href":"https:\/\/www.koblenz-kesselheim.de\/kirmes\/wp-json\/wp\/v2\/types\/page"}],"author":[{"embeddable":true,"href":"https:\/\/www.koblenz-kesselheim.de\/kirmes\/wp-json\/wp\/v2\/users\/5"}],"replies":[{"embeddable":true,"href":"https:\/\/www.koblenz-kesselheim.de\/kirmes\/wp-json\/wp\/v2\/comments?post=18"}],"version-history":[{"count":226,"href":"https:\/\/www.koblenz-kesselheim.de\/kirmes\/wp-json\/wp\/v2\/pages\/18\/revisions"}],"predecessor-version":[{"id":2526,"href":"https:\/\/www.koblenz-kesselheim.de\/kirmes\/wp-json\/wp\/v2\/pages\/18\/revisions\/2526"}],"wp:attachment":[{"href":"https:\/\/www.koblenz-kesselheim.de\/kirmes\/wp-json\/wp\/v2\/media?parent=18"}],"curies":[{"name":"wp","href":"https:\/\/api.w.org\/{rel}","templated":true}]}}